{"id":5709,"date":"2021-07-20T14:36:30","date_gmt":"2021-07-20T14:36:30","guid":{"rendered":"https:\/\/www.montebellopkg.com\/cosmetique-et-soins-personnels\/"},"modified":"2024-02-13T19:32:38","modified_gmt":"2024-02-13T19:32:38","slug":"cosmetique-et-soins-personnels","status":"publish","type":"page","link":"https:\/\/www.montebellopkg.com\/fr\/cosmetique-et-soins-personnels\/","title":{"rendered":"Cosm\u00e9tique et soins personnels"},"content":{"rendered":"\t\t<div data-elementor-type=\"wp-page\" data-elementor-id=\"5709\" class=\"elementor elementor-5709 elementor-4406\">\n\t\t\t\t\t\t<section class=\"elementor-section elementor-top-section elementor-element elementor-element-20d39b2 elementor-section-height-min-height elementor-section-boxed elementor-section-height-default elementor-section-items-middle\" data-id=\"20d39b2\" data-element_type=\"section\" data-settings=\"{&quot;background_background&quot;:&quot;classic&quot;}\">\n\t\t\t\t\t\t\t<div class=\"elementor-background-overlay\"><\/div>\n\t\t\t\t\t\t\t<div class=\"elementor-container elementor-column-gap-default\">\n\t\t\t\t\t<div class=\"elementor-column elementor-col-100 elementor-top-column elementor-element elementor-element-d909759\" data-id=\"d909759\" data-element_type=\"column\">\n\t\t\t<div class=\"elementor-widget-wrap elementor-element-populated\">\n\t\t\t\t\t\t<div class=\"elementor-element elementor-element-d9d05c4 elementor-widget elementor-widget-heading\" data-id=\"d9d05c4\" data-element_type=\"widget\" data-widget_type=\"heading.default\">\n\t\t\t\t<div class=\"elementor-widget-container\">\n\t\t\t<h2 class=\"elementor-heading-title elementor-size-default\"><b>Cosm\u00e9tique et soins personnels<\/b><\/h2>\t\t<\/div>\n\t\t\t\t<\/div>\n\t\t\t\t\t<\/div>\n\t\t<\/div>\n\t\t\t\t\t<\/div>\n\t\t<\/section>\n\t\t\t\t<section class=\"elementor-section elementor-top-section elementor-element elementor-element-58a7090 elementor-section-height-min-height elementor-section-boxed elementor-section-height-default elementor-section-items-middle\" data-id=\"58a7090\" data-element_type=\"section\">\n\t\t\t\t\t\t<div class=\"elementor-container elementor-column-gap-default\">\n\t\t\t\t\t<div class=\"elementor-column elementor-col-50 elementor-top-column elementor-element elementor-element-0a3ec05\" data-id=\"0a3ec05\" data-element_type=\"column\">\n\t\t\t<div class=\"elementor-widget-wrap elementor-element-populated\">\n\t\t\t\t\t\t<div class=\"elementor-element elementor-element-f636ad4 elementor-widget elementor-widget-heading\" data-id=\"f636ad4\" data-element_type=\"widget\" data-widget_type=\"heading.default\">\n\t\t\t\t<div class=\"elementor-widget-container\">\n\t\t\t<h2 class=\"elementor-heading-title elementor-size-default\">Esth\u00e9tique et fonctionnalit\u00e9<\/h2>\t\t<\/div>\n\t\t\t\t<\/div>\n\t\t\t\t<div class=\"elementor-element elementor-element-dc29224 elementor-widget elementor-widget-text-editor\" data-id=\"dc29224\" data-element_type=\"widget\" data-widget_type=\"text-editor.default\">\n\t\t\t\t<div class=\"elementor-widget-container\">\n\t\t\t\t\t\t\t<p>Lorsqu\u2019il s\u2019agit de beaut\u00e9 et de cosm\u00e9tiques, l\u2019esth\u00e9tique et la fonctionnalit\u00e9 sont deux consid\u00e9rations importantes. Le design de ces bouteilles refl\u00e8te souvent l\u2019identit\u00e9 de votre marque et de votre public cible.<\/p><p>Ces derni\u00e8res ann\u00e9es, l\u2019accent a \u00e9t\u00e9 mis de plus en plus sur la durabilit\u00e9 dans l\u2019industrie de la beaut\u00e9. De nombreuses marques adoptent des options d&#8217;emballage respectueuses de l&#8217;environnement, telles que des mat\u00e9riaux recyclables ou biod\u00e9gradables, des contenants rechargeables ou en r\u00e9duisant les d\u00e9chets d&#8217;emballage.<\/p><p>Chez Montebello, nous priorisons les emballages durables qui allient beaut\u00e9 et fonctionnalit\u00e9 pour r\u00e9pondre aux attentes envers votre produit.<\/p>\t\t\t\t\t\t<\/div>\n\t\t\t\t<\/div>\n\t\t\t\t\t<\/div>\n\t\t<\/div>\n\t\t\t\t<div class=\"elementor-column elementor-col-50 elementor-top-column elementor-element elementor-element-30340e3\" data-id=\"30340e3\" data-element_type=\"column\">\n\t\t\t<div class=\"elementor-widget-wrap elementor-element-populated\">\n\t\t\t\t\t\t<div class=\"elementor-element elementor-element-5226a37 elementor-widget elementor-widget-image\" data-id=\"5226a37\" data-element_type=\"widget\" data-widget_type=\"image.default\">\n\t\t\t\t<div class=\"elementor-widget-container\">\n\t\t\t\t\t\t\t\t\t\t\t\t\t<img fetchpriority=\"high\" decoding=\"async\" width=\"1024\" height=\"868\" src=\"https:\/\/www.montebellopkg.com\/wp-content\/uploads\/2024\/02\/Industrie-Cosmetic_2-1024x868.png\" class=\"attachment-large size-large wp-image-9558\" alt=\"dry shampoo aluminum spray can\" srcset=\"https:\/\/www.montebellopkg.com\/wp-content\/uploads\/2024\/02\/Industrie-Cosmetic_2-1024x868.png 1024w, https:\/\/www.montebellopkg.com\/wp-content\/uploads\/2024\/02\/Industrie-Cosmetic_2-300x254.png 300w, https:\/\/www.montebellopkg.com\/wp-content\/uploads\/2024\/02\/Industrie-Cosmetic_2-768x651.png 768w, https:\/\/www.montebellopkg.com\/wp-content\/uploads\/2024\/02\/Industrie-Cosmetic_2-1536x1302.png 1536w, https:\/\/www.montebellopkg.com\/wp-content\/uploads\/2024\/02\/Industrie-Cosmetic_2-600x509.png 600w, https:\/\/www.montebellopkg.com\/wp-content\/uploads\/2024\/02\/Industrie-Cosmetic_2.png 1880w\" sizes=\"(max-width: 1024px) 100vw, 1024px\" \/>\t\t\t\t\t\t\t\t\t\t\t\t\t<\/div>\n\t\t\t\t<\/div>\n\t\t\t\t\t<\/div>\n\t\t<\/div>\n\t\t\t\t\t<\/div>\n\t\t<\/section>\n\t\t\t\t<section class=\"elementor-section elementor-top-section elementor-element elementor-element-6f4ff1a elementor-section-height-min-height elementor-section-boxed elementor-section-height-default elementor-section-items-middle\" data-id=\"6f4ff1a\" data-element_type=\"section\">\n\t\t\t\t\t\t<div class=\"elementor-container elementor-column-gap-default\">\n\t\t\t\t\t<div class=\"elementor-column elementor-col-50 elementor-top-column elementor-element elementor-element-cfbce88\" data-id=\"cfbce88\" data-element_type=\"column\">\n\t\t\t<div class=\"elementor-widget-wrap elementor-element-populated\">\n\t\t\t\t\t\t<div class=\"elementor-element elementor-element-724055a elementor-widget elementor-widget-image\" data-id=\"724055a\" data-element_type=\"widget\" data-widget_type=\"image.default\">\n\t\t\t\t<div class=\"elementor-widget-container\">\n\t\t\t\t\t\t\t\t\t\t\t\t\t<img decoding=\"async\" width=\"825\" height=\"675\" src=\"https:\/\/www.montebellopkg.com\/wp-content\/uploads\/2023\/10\/Industrie-Cosmetic-Personnal-Care.png\" class=\"attachment-large size-large wp-image-8850\" alt=\"cosmetic products tubes cans\" srcset=\"https:\/\/www.montebellopkg.com\/wp-content\/uploads\/2023\/10\/Industrie-Cosmetic-Personnal-Care.png 825w, https:\/\/www.montebellopkg.com\/wp-content\/uploads\/2023\/10\/Industrie-Cosmetic-Personnal-Care-300x245.png 300w, https:\/\/www.montebellopkg.com\/wp-content\/uploads\/2023\/10\/Industrie-Cosmetic-Personnal-Care-768x628.png 768w, https:\/\/www.montebellopkg.com\/wp-content\/uploads\/2023\/10\/Industrie-Cosmetic-Personnal-Care-600x491.png 600w\" sizes=\"(max-width: 825px) 100vw, 825px\" \/>\t\t\t\t\t\t\t\t\t\t\t\t\t<\/div>\n\t\t\t\t<\/div>\n\t\t\t\t\t<\/div>\n\t\t<\/div>\n\t\t\t\t<div class=\"elementor-column elementor-col-50 elementor-top-column elementor-element elementor-element-fafb7a8\" data-id=\"fafb7a8\" data-element_type=\"column\">\n\t\t\t<div class=\"elementor-widget-wrap elementor-element-populated\">\n\t\t\t\t\t\t<div class=\"elementor-element elementor-element-4f13d38 elementor-widget elementor-widget-heading\" data-id=\"4f13d38\" data-element_type=\"widget\" data-widget_type=\"heading.default\">\n\t\t\t\t<div class=\"elementor-widget-container\">\n\t\t\t<h2 class=\"elementor-heading-title elementor-size-default\">Garder les choses <b>belles<\/b><\/h2>\t\t<\/div>\n\t\t\t\t<\/div>\n\t\t\t\t<div class=\"elementor-element elementor-element-662491a elementor-widget elementor-widget-text-editor\" data-id=\"662491a\" data-element_type=\"widget\" data-widget_type=\"text-editor.default\">\n\t\t\t\t<div class=\"elementor-widget-container\">\n\t\t\t\t\t\t\t<p>En tant que fabricant de produits de soins personnels et cosm\u00e9tiques, votre mission est de rendre les gens plus attrayants. Chez Montebello, nous nous occupons de rendre votre marque plus belle.<\/p><p>Nous comprenons la valeur de l&#8217;emballage en tant qu&#8217;outil de vente. Pour \u00eatre efficace, il doit se d\u00e9marquer, faire tourner les t\u00eates et susciter l&#8217;int\u00e9r\u00eat. Montebello veut que votre emballage soit la premi\u00e8re marque que les clients voient et la premi\u00e8re marque dont ils se souviennent. C&#8217;est pourquoi tant d&#8217;entreprises de <strong>soins personnels et de cosm\u00e9tiques<\/strong> bien connues \u2013 dans tant de march\u00e9s \u2013 comptent sur Montebello pour leurs besoins uniques en mati\u00e8re d&#8217;emballage.<\/p><p>Vous pouvez choisir parmi notre gamme de tubes (<a href=\"https:\/\/www.montebellopkg.com\/fr\/tubes-en-aluminium\/\"><strong>tubes en aluminium<\/strong><\/a> durables ou bien la r\u00e9silience de la forme de notre <a href=\"https:\/\/www.montebellopkg.com\/fr\/tubes-stratifies\/\"><strong>tube lamin\u00e9<\/strong><\/a>), ou de notre gamme de <a href=\"https:\/\/www.montebellopkg.com\/fr\/bombes-aerosols\/\"><strong>canettes a\u00e9rosol<\/strong><\/a>. Avec Montebello, les possibilit\u00e9s sont infinies!<\/p>\t\t\t\t\t\t<\/div>\n\t\t\t\t<\/div>\n\t\t\t\t\t<\/div>\n\t\t<\/div>\n\t\t\t\t\t<\/div>\n\t\t<\/section>\n\t\t\t\t<section class=\"elementor-section elementor-top-section elementor-element elementor-element-97ba5c2 elementor-section-height-min-height elementor-section-boxed elementor-section-height-default elementor-section-items-middle\" data-id=\"97ba5c2\" data-element_type=\"section\">\n\t\t\t\t\t\t<div class=\"elementor-container elementor-column-gap-default\">\n\t\t\t\t\t<div class=\"elementor-column elementor-col-50 elementor-top-column elementor-element elementor-element-f832499\" data-id=\"f832499\" data-element_type=\"column\">\n\t\t\t<div class=\"elementor-widget-wrap elementor-element-populated\">\n\t\t\t\t\t\t<div class=\"elementor-element elementor-element-6d53d80 elementor-widget elementor-widget-heading\" data-id=\"6d53d80\" data-element_type=\"widget\" data-widget_type=\"heading.default\">\n\t\t\t\t<div class=\"elementor-widget-container\">\n\t\t\t<h2 class=\"elementor-heading-title elementor-size-default\">Beaut\u00e9 et durabilit\u00e9<\/h2>\t\t<\/div>\n\t\t\t\t<\/div>\n\t\t\t\t<div class=\"elementor-element elementor-element-9d29b41 elementor-widget elementor-widget-text-editor\" data-id=\"9d29b41\" data-element_type=\"widget\" data-widget_type=\"text-editor.default\">\n\t\t\t\t<div class=\"elementor-widget-container\">\n\t\t\t\t\t\t\t<p>Nous comprenons l\u2019importance d\u2019int\u00e9grer des pratiques durables dans la conception et la production de contenants de produits de beaut\u00e9 et cosm\u00e9tiques. Nous pensons que les emballages durables contribuent non seulement \u00e0 la pr\u00e9servation de notre environnement, mais s&#8217;alignent aussi sur l&#8217;\u00e9volution des pr\u00e9f\u00e9rences des consommateurs pour des produits respectueux de l&#8217;\u00e9cologie.<\/p><p>En plus des mat\u00e9riaux durables, nous nous concentrons aussi sur des solutions de conception innovantes qui maximisent la fonctionnalit\u00e9. Cela englobe des aspects tels que des formes ergonomiques, des distributeurs simples \u00e0 utiliser et des emballages de taille pratique pour une utilisation en voyage ou en d\u00e9placement.<\/p><p>Chez Montebello, nous pensons que les emballages durables ne doivent pas faire de compromis sur la beaut\u00e9 ou la fonctionnalit\u00e9. Nous nous engageons \u00e0 cr\u00e9er des emballages visuellement attrayants et de haute qualit\u00e9 qui mettent en valeur l\u2019identit\u00e9 de la marque tout en minimisant l\u2019empreinte \u00e9cologique. Notre engagement en faveur du d\u00e9veloppement durable s&#8217;\u00e9tend au-del\u00e0 de la phase de conception, alors que nous continuons \u00e0 explorer continuellement de nouvelles technologies et pratiques qui r\u00e9duisent davantage notre impact environnemental.<\/p><p>S&#8217;associer avec nous, c&#8217;est rejoindre le mouvement vers une industrie plus durable.<\/p>\t\t\t\t\t\t<\/div>\n\t\t\t\t<\/div>\n\t\t\t\t<div class=\"elementor-element elementor-element-86baaed elementor-align-left elementor-widget elementor-widget-button\" data-id=\"86baaed\" data-element_type=\"widget\" data-widget_type=\"button.default\">\n\t\t\t\t<div class=\"elementor-widget-container\">\n\t\t\t\t\t\t\t<div class=\"elementor-button-wrapper\">\n\t\t\t\t\t<a class=\"elementor-button elementor-button-link elementor-size-sm\" href=\"https:\/\/www.montebellopkg.com\/fr\/nous-contacter\/\">\n\t\t\t\t\t\t<span class=\"elementor-button-content-wrapper\">\n\t\t\t\t\t\t\t\t\t<span class=\"elementor-button-text\">Nous contacter<\/span>\n\t\t\t\t\t<\/span>\n\t\t\t\t\t<\/a>\n\t\t\t\t<\/div>\n\t\t\t\t\t\t<\/div>\n\t\t\t\t<\/div>\n\t\t\t\t\t<\/div>\n\t\t<\/div>\n\t\t\t\t<div class=\"elementor-column elementor-col-50 elementor-top-column elementor-element elementor-element-cdbac37\" data-id=\"cdbac37\" data-element_type=\"column\">\n\t\t\t<div class=\"elementor-widget-wrap elementor-element-populated\">\n\t\t\t\t\t\t<div class=\"elementor-element elementor-element-00a9644 elementor-widget elementor-widget-image\" data-id=\"00a9644\" data-element_type=\"widget\" data-widget_type=\"image.default\">\n\t\t\t\t<div class=\"elementor-widget-container\">\n\t\t\t\t\t\t\t\t\t\t\t\t\t<img decoding=\"async\" width=\"1024\" height=\"868\" src=\"https:\/\/www.montebellopkg.com\/wp-content\/uploads\/2024\/02\/Industrie-Cosmetic_1-1024x868.png\" class=\"attachment-large size-large wp-image-9556\" alt=\"cosmetic aluminum laminate tube can\" srcset=\"https:\/\/www.montebellopkg.com\/wp-content\/uploads\/2024\/02\/Industrie-Cosmetic_1-1024x868.png 1024w, https:\/\/www.montebellopkg.com\/wp-content\/uploads\/2024\/02\/Industrie-Cosmetic_1-300x254.png 300w, https:\/\/www.montebellopkg.com\/wp-content\/uploads\/2024\/02\/Industrie-Cosmetic_1-768x651.png 768w, https:\/\/www.montebellopkg.com\/wp-content\/uploads\/2024\/02\/Industrie-Cosmetic_1-1536x1302.png 1536w, https:\/\/www.montebellopkg.com\/wp-content\/uploads\/2024\/02\/Industrie-Cosmetic_1-600x509.png 600w, https:\/\/www.montebellopkg.com\/wp-content\/uploads\/2024\/02\/Industrie-Cosmetic_1.png 1880w\" sizes=\"(max-width: 1024px) 100vw, 1024px\" \/>\t\t\t\t\t\t\t\t\t\t\t\t\t<\/div>\n\t\t\t\t<\/div>\n\t\t\t\t\t<\/div>\n\t\t<\/div>\n\t\t\t\t\t<\/div>\n\t\t<\/section>\n\t\t\t\t<section class=\"elementor-section elementor-top-section elementor-element elementor-element-b5b87b3 elementor-section-height-min-height elementor-section-boxed elementor-section-height-default elementor-section-items-middle\" data-id=\"b5b87b3\" data-element_type=\"section\" data-settings=\"{&quot;background_background&quot;:&quot;classic&quot;}\">\n\t\t\t\t\t\t<div class=\"elementor-container elementor-column-gap-wider\">\n\t\t\t\t\t<div class=\"elementor-column elementor-col-50 elementor-top-column elementor-element elementor-element-174e3c9\" data-id=\"174e3c9\" data-element_type=\"column\">\n\t\t\t<div class=\"elementor-widget-wrap elementor-element-populated\">\n\t\t\t\t\t\t<div class=\"elementor-element elementor-element-2d7c0f1 elementor-position-top elementor-widget elementor-widget-image-box\" data-id=\"2d7c0f1\" data-element_type=\"widget\" data-widget_type=\"image-box.default\">\n\t\t\t\t<div class=\"elementor-widget-container\">\n\t\t\t<div class=\"elementor-image-box-wrapper\"><figure class=\"elementor-image-box-img\"><img loading=\"lazy\" decoding=\"async\" width=\"825\" height=\"675\" src=\"https:\/\/www.montebellopkg.com\/wp-content\/uploads\/2023\/10\/Industrie-Pharma.png\" class=\"elementor-animation-bob attachment-full size-full wp-image-8852\" alt=\"pharmaceutical products tubes cans\" srcset=\"https:\/\/www.montebellopkg.com\/wp-content\/uploads\/2023\/10\/Industrie-Pharma.png 825w, https:\/\/www.montebellopkg.com\/wp-content\/uploads\/2023\/10\/Industrie-Pharma-300x245.png 300w, https:\/\/www.montebellopkg.com\/wp-content\/uploads\/2023\/10\/Industrie-Pharma-768x628.png 768w, https:\/\/www.montebellopkg.com\/wp-content\/uploads\/2023\/10\/Industrie-Pharma-600x491.png 600w\" sizes=\"(max-width: 825px) 100vw, 825px\" \/><\/figure><div class=\"elementor-image-box-content\"><h3 class=\"elementor-image-box-title\">Emballages<br>Pharmaceutique<\/h3><p class=\"elementor-image-box-description\"><span style=\"font-size: 13px; text-align: left; white-space-collapse: collapse;\">Les racines de Montebello remontent \u00e0 1952. Nous fabriquons alors des tubes en aluminium pour l\u2019industrie pharmaceutique<\/span>.<\/p><\/div><\/div>\t\t<\/div>\n\t\t\t\t<\/div>\n\t\t\t\t<div class=\"elementor-element elementor-element-ba2ce50 elementor-align-center elementor-widget elementor-widget-button\" data-id=\"ba2ce50\" data-element_type=\"widget\" data-widget_type=\"button.default\">\n\t\t\t\t<div class=\"elementor-widget-container\">\n\t\t\t\t\t\t\t<div class=\"elementor-button-wrapper\">\n\t\t\t\t\t<a class=\"elementor-button elementor-button-link elementor-size-sm\" href=\"https:\/\/www.montebellopkg.com\/fr\/pharmaceutique\/\">\n\t\t\t\t\t\t<span class=\"elementor-button-content-wrapper\">\n\t\t\t\t\t\t\t\t\t<span class=\"elementor-button-text\">En savoir plus<\/span>\n\t\t\t\t\t<\/span>\n\t\t\t\t\t<\/a>\n\t\t\t\t<\/div>\n\t\t\t\t\t\t<\/div>\n\t\t\t\t<\/div>\n\t\t\t\t\t<\/div>\n\t\t<\/div>\n\t\t\t\t<div class=\"elementor-column elementor-col-50 elementor-top-column elementor-element elementor-element-1d56c91\" data-id=\"1d56c91\" data-element_type=\"column\">\n\t\t\t<div class=\"elementor-widget-wrap elementor-element-populated\">\n\t\t\t\t\t\t<div class=\"elementor-element elementor-element-a6936e0 elementor-position-top elementor-widget elementor-widget-image-box\" data-id=\"a6936e0\" data-element_type=\"widget\" data-widget_type=\"image-box.default\">\n\t\t\t\t<div class=\"elementor-widget-container\">\n\t\t\t<div class=\"elementor-image-box-wrapper\"><figure class=\"elementor-image-box-img\"><img loading=\"lazy\" decoding=\"async\" width=\"825\" height=\"675\" src=\"https:\/\/www.montebellopkg.com\/wp-content\/uploads\/2023\/10\/Industrie-Industrial.png\" class=\"elementor-animation-bob attachment-full size-full wp-image-8854\" alt=\"industrial tubes and cans\" srcset=\"https:\/\/www.montebellopkg.com\/wp-content\/uploads\/2023\/10\/Industrie-Industrial.png 825w, https:\/\/www.montebellopkg.com\/wp-content\/uploads\/2023\/10\/Industrie-Industrial-300x245.png 300w, https:\/\/www.montebellopkg.com\/wp-content\/uploads\/2023\/10\/Industrie-Industrial-768x628.png 768w, https:\/\/www.montebellopkg.com\/wp-content\/uploads\/2023\/10\/Industrie-Industrial-600x491.png 600w\" sizes=\"(max-width: 825px) 100vw, 825px\" \/><\/figure><div class=\"elementor-image-box-content\"><h3 class=\"elementor-image-box-title\">Emballage<br>Industriel<\/h3><p class=\"elementor-image-box-description\">Du standard au personnalis\u00e9, les tubes en aluminium et les contenants a\u00e9rosols sont fabriqu\u00e9s selon vos sp\u00e9cifications exactes.<\/p><\/div><\/div>\t\t<\/div>\n\t\t\t\t<\/div>\n\t\t\t\t<div class=\"elementor-element elementor-element-3568591 elementor-align-center elementor-widget elementor-widget-button\" data-id=\"3568591\" data-element_type=\"widget\" data-widget_type=\"button.default\">\n\t\t\t\t<div class=\"elementor-widget-container\">\n\t\t\t\t\t\t\t<div class=\"elementor-button-wrapper\">\n\t\t\t\t\t<a class=\"elementor-button elementor-button-link elementor-size-sm\" href=\"https:\/\/www.montebellopkg.com\/fr\/industriel\/\">\n\t\t\t\t\t\t<span class=\"elementor-button-content-wrapper\">\n\t\t\t\t\t\t\t\t\t<span class=\"elementor-button-text\">En savoir plus<\/span>\n\t\t\t\t\t<\/span>\n\t\t\t\t\t<\/a>\n\t\t\t\t<\/div>\n\t\t\t\t\t\t<\/div>\n\t\t\t\t<\/div>\n\t\t\t\t\t<\/div>\n\t\t<\/div>\n\t\t\t\t\t<\/div>\n\t\t<\/section>\n\t\t\t\t<\/div>\n\t\t","protected":false},"excerpt":{"rendered":"<p>Cosm\u00e9tique et soins personnels Esth\u00e9tique et fonctionnalit\u00e9 Lorsqu\u2019il s\u2019agit de beaut\u00e9 et de cosm\u00e9tiques, l\u2019esth\u00e9tique et la fonctionnalit\u00e9 sont deux consid\u00e9rations importantes. Le design de ces bouteilles refl\u00e8te souvent l\u2019identit\u00e9 de votre marque et de votre public cible. Ces derni\u00e8res ann\u00e9es, l\u2019accent a \u00e9t\u00e9 mis de plus en plus sur la durabilit\u00e9 dans l\u2019industrie de [&hellip;]<\/p>\n","protected":false},"author":2,"featured_media":5518,"parent":0,"menu_order":0,"comment_status":"closed","ping_status":"closed","template":"","meta":{"site-sidebar-layout":"no-sidebar","site-content-layout":"page-builder","ast-site-content-layout":"","site-content-style":"default","site-sidebar-style":"default","ast-global-header-display":"","ast-banner-title-visibility":"","ast-main-header-display":"","ast-hfb-above-header-display":"","ast-hfb-below-header-display":"","ast-hfb-mobile-header-display":"","site-post-title":"disabled","ast-breadcrumbs-content":"","ast-featured-img":"disabled","footer-sml-layout":"","theme-transparent-header-meta":"default","adv-header-id-meta":"","stick-header-meta":"default","header-above-stick-meta":"","header-main-stick-meta":"","header-below-stick-meta":"","astra-migrate-meta-layouts":"default","ast-page-background-enabled":"default","ast-page-background-meta":{"desktop":{"background-color":"","background-image":"","background-repeat":"repeat","background-position":"center center","background-size":"auto","background-attachment":"scroll","background-type":"","background-media":"","overlay-type":"","overlay-color":"","overlay-gradient":""},"tablet":{"background-color":"","background-image":"","background-repeat":"repeat","background-position":"center center","background-size":"auto","background-attachment":"scroll","background-type":"","background-media":"","overlay-type":"","overlay-color":"","overlay-gradient":""},"mobile":{"background-color":"","background-image":"","background-repeat":"repeat","background-position":"center center","background-size":"auto","background-attachment":"scroll","background-type":"","background-media":"","overlay-type":"","overlay-color":"","overlay-gradient":""}},"ast-content-background-meta":{"desktop":{"background-color":"var(--ast-global-color-5)","background-image":"","background-repeat":"repeat","background-position":"center center","background-size":"auto","background-attachment":"scroll","background-type":"","background-media":"","overlay-type":"","overlay-color":"","overlay-gradient":""},"tablet":{"background-color":"var(--ast-global-color-5)","background-image":"","background-repeat":"repeat","background-position":"center center","background-size":"auto","background-attachment":"scroll","background-type":"","background-media":"","overlay-type":"","overlay-color":"","overlay-gradient":""},"mobile":{"background-color":"var(--ast-global-color-5)","background-image":"","background-repeat":"repeat","background-position":"center center","background-size":"auto","background-attachment":"scroll","background-type":"","background-media":"","overlay-type":"","overlay-color":"","overlay-gradient":""}},"footnotes":""},"class_list":["post-5709","page","type-page","status-publish","has-post-thumbnail","hentry"],"yoast_head":"<!-- This site is optimized with the Yoast SEO plugin v24.6 - https:\/\/yoast.com\/wordpress\/plugins\/seo\/ -->\n<title>Cosm\u00e9tique et soins personnels - Montebello Packaging<\/title>\n<meta name=\"description\" content=\"En tant que fabricant de produits de soins personnels et cosm\u00e9tiques, nous nous effor\u00e7ons de rendre votre marque belle.\" \/>\n<meta name=\"robots\" content=\"index, follow, max-snippet:-1, max-image-preview:large, max-video-preview:-1\" \/>\n<link rel=\"canonical\" href=\"https:\/\/www.montebellopkg.com\/fr\/cosmetique-et-soins-personnels\/\" \/>\n<meta property=\"og:locale\" content=\"fr_FR\" \/>\n<meta property=\"og:type\" content=\"article\" \/>\n<meta property=\"og:title\" content=\"Montebello Packaging - Cosm\u00e9tique et soins personnels\" \/>\n<meta property=\"og:description\" content=\"En tant que fabricant de produits de soins personnels et cosm\u00e9tiques, nous nous effor\u00e7ons de rendre votre marque belle.\" \/>\n<meta property=\"og:url\" content=\"https:\/\/www.montebellopkg.com\/fr\/cosmetique-et-soins-personnels\/\" \/>\n<meta property=\"og:site_name\" content=\"Montebello Packaging\" \/>\n<meta property=\"article:modified_time\" content=\"2024-02-13T19:32:38+00:00\" \/>\n<meta property=\"og:image\" content=\"https:\/\/www.montebellopkg.com\/wp-content\/uploads\/2021\/10\/Industrie-Cosmetic-Personnal-Care-ph1.png\" \/>\n<meta name=\"twitter:card\" content=\"summary_large_image\" \/>\n<meta name=\"twitter:title\" content=\"Montebello Packaging - Cosm\u00e9tique et soins personnels\" \/>\n<meta name=\"twitter:description\" content=\"En tant que fabricant de produits de soins personnels et cosm\u00e9tiques, nous nous effor\u00e7ons de rendre votre marque belle.\" \/>\n<meta name=\"twitter:image\" content=\"https:\/\/www.montebellopkg.com\/wp-content\/uploads\/2021\/10\/Header-Cosmetic-Personnal_V2-scaled.jpg\" \/>\n<meta name=\"twitter:label1\" content=\"Dur\u00e9e de lecture estim\u00e9e\" \/>\n\t<meta name=\"twitter:data1\" content=\"4 minutes\" \/>\n<script type=\"application\/ld+json\" class=\"yoast-schema-graph\">{\"@context\":\"https:\/\/schema.org\",\"@graph\":[{\"@type\":\"WebPage\",\"@id\":\"https:\/\/www.montebellopkg.com\/fr\/cosmetique-et-soins-personnels\/\",\"url\":\"https:\/\/www.montebellopkg.com\/fr\/cosmetique-et-soins-personnels\/\",\"name\":\"Cosm\u00e9tique et soins personnels - Montebello Packaging\",\"isPartOf\":{\"@id\":\"https:\/\/www.montebellopkg.com\/fr\/#website\"},\"primaryImageOfPage\":{\"@id\":\"https:\/\/www.montebellopkg.com\/fr\/cosmetique-et-soins-personnels\/#primaryimage\"},\"image\":{\"@id\":\"https:\/\/www.montebellopkg.com\/fr\/cosmetique-et-soins-personnels\/#primaryimage\"},\"thumbnailUrl\":\"https:\/\/www.montebellopkg.com\/wp-content\/uploads\/2021\/10\/Montebello-Site-Assets-21.png\",\"datePublished\":\"2021-07-20T14:36:30+00:00\",\"dateModified\":\"2024-02-13T19:32:38+00:00\",\"description\":\"En tant que fabricant de produits de soins personnels et cosm\u00e9tiques, nous nous effor\u00e7ons de rendre votre marque belle.\",\"breadcrumb\":{\"@id\":\"https:\/\/www.montebellopkg.com\/fr\/cosmetique-et-soins-personnels\/#breadcrumb\"},\"inLanguage\":\"fr-FR\",\"potentialAction\":[{\"@type\":\"ReadAction\",\"target\":[\"https:\/\/www.montebellopkg.com\/fr\/cosmetique-et-soins-personnels\/\"]}]},{\"@type\":\"ImageObject\",\"inLanguage\":\"fr-FR\",\"@id\":\"https:\/\/www.montebellopkg.com\/fr\/cosmetique-et-soins-personnels\/#primaryimage\",\"url\":\"https:\/\/www.montebellopkg.com\/wp-content\/uploads\/2021\/10\/Montebello-Site-Assets-21.png\",\"contentUrl\":\"https:\/\/www.montebellopkg.com\/wp-content\/uploads\/2021\/10\/Montebello-Site-Assets-21.png\",\"width\":601,\"height\":601},{\"@type\":\"BreadcrumbList\",\"@id\":\"https:\/\/www.montebellopkg.com\/fr\/cosmetique-et-soins-personnels\/#breadcrumb\",\"itemListElement\":[{\"@type\":\"ListItem\",\"position\":1,\"name\":\"Home\",\"item\":\"https:\/\/www.montebellopkg.com\/fr\/\"},{\"@type\":\"ListItem\",\"position\":2,\"name\":\"Cosm\u00e9tique et soins personnels\"}]},{\"@type\":\"WebSite\",\"@id\":\"https:\/\/www.montebellopkg.com\/fr\/#website\",\"url\":\"https:\/\/www.montebellopkg.com\/fr\/\",\"name\":\"Montebello Packaging\",\"description\":\"\",\"publisher\":{\"@id\":\"https:\/\/www.montebellopkg.com\/fr\/#organization\"},\"potentialAction\":[{\"@type\":\"SearchAction\",\"target\":{\"@type\":\"EntryPoint\",\"urlTemplate\":\"https:\/\/www.montebellopkg.com\/fr\/?s={search_term_string}\"},\"query-input\":{\"@type\":\"PropertyValueSpecification\",\"valueRequired\":true,\"valueName\":\"search_term_string\"}}],\"inLanguage\":\"fr-FR\"},{\"@type\":\"Organization\",\"@id\":\"https:\/\/www.montebellopkg.com\/fr\/#organization\",\"name\":\"Montebello Packaging\",\"url\":\"https:\/\/www.montebellopkg.com\/fr\/\",\"logo\":{\"@type\":\"ImageObject\",\"inLanguage\":\"fr-FR\",\"@id\":\"https:\/\/www.montebellopkg.com\/fr\/#\/schema\/logo\/image\/\",\"url\":\"https:\/\/www.montebellopkg.com\/wp-content\/uploads\/2021\/06\/cropped-Montebello-Site-Assets-02.png\",\"contentUrl\":\"https:\/\/www.montebellopkg.com\/wp-content\/uploads\/2021\/06\/cropped-Montebello-Site-Assets-02.png\",\"width\":487,\"height\":119,\"caption\":\"Montebello Packaging\"},\"image\":{\"@id\":\"https:\/\/www.montebellopkg.com\/fr\/#\/schema\/logo\/image\/\"}}]}<\/script>\n<!-- \/ Yoast SEO plugin. -->","yoast_head_json":{"title":"Cosm\u00e9tique et soins personnels - Montebello Packaging","description":"En tant que fabricant de produits de soins personnels et cosm\u00e9tiques, nous nous effor\u00e7ons de rendre votre marque belle.","robots":{"index":"index","follow":"follow","max-snippet":"max-snippet:-1","max-image-preview":"max-image-preview:large","max-video-preview":"max-video-preview:-1"},"canonical":"https:\/\/www.montebellopkg.com\/fr\/cosmetique-et-soins-personnels\/","og_locale":"fr_FR","og_type":"article","og_title":"Montebello Packaging - Cosm\u00e9tique et soins personnels","og_description":"En tant que fabricant de produits de soins personnels et cosm\u00e9tiques, nous nous effor\u00e7ons de rendre votre marque belle.","og_url":"https:\/\/www.montebellopkg.com\/fr\/cosmetique-et-soins-personnels\/","og_site_name":"Montebello Packaging","article_modified_time":"2024-02-13T19:32:38+00:00","og_image":[{"url":"https:\/\/www.montebellopkg.com\/wp-content\/uploads\/2021\/10\/Industrie-Cosmetic-Personnal-Care-ph1.png","type":"","width":"","height":""}],"twitter_card":"summary_large_image","twitter_title":"Montebello Packaging - Cosm\u00e9tique et soins personnels","twitter_description":"En tant que fabricant de produits de soins personnels et cosm\u00e9tiques, nous nous effor\u00e7ons de rendre votre marque belle.","twitter_image":"https:\/\/www.montebellopkg.com\/wp-content\/uploads\/2021\/10\/Header-Cosmetic-Personnal_V2-scaled.jpg","twitter_misc":{"Dur\u00e9e de lecture estim\u00e9e":"4 minutes"},"schema":{"@context":"https:\/\/schema.org","@graph":[{"@type":"WebPage","@id":"https:\/\/www.montebellopkg.com\/fr\/cosmetique-et-soins-personnels\/","url":"https:\/\/www.montebellopkg.com\/fr\/cosmetique-et-soins-personnels\/","name":"Cosm\u00e9tique et soins personnels - Montebello Packaging","isPartOf":{"@id":"https:\/\/www.montebellopkg.com\/fr\/#website"},"primaryImageOfPage":{"@id":"https:\/\/www.montebellopkg.com\/fr\/cosmetique-et-soins-personnels\/#primaryimage"},"image":{"@id":"https:\/\/www.montebellopkg.com\/fr\/cosmetique-et-soins-personnels\/#primaryimage"},"thumbnailUrl":"https:\/\/www.montebellopkg.com\/wp-content\/uploads\/2021\/10\/Montebello-Site-Assets-21.png","datePublished":"2021-07-20T14:36:30+00:00","dateModified":"2024-02-13T19:32:38+00:00","description":"En tant que fabricant de produits de soins personnels et cosm\u00e9tiques, nous nous effor\u00e7ons de rendre votre marque belle.","breadcrumb":{"@id":"https:\/\/www.montebellopkg.com\/fr\/cosmetique-et-soins-personnels\/#breadcrumb"},"inLanguage":"fr-FR","potentialAction":[{"@type":"ReadAction","target":["https:\/\/www.montebellopkg.com\/fr\/cosmetique-et-soins-personnels\/"]}]},{"@type":"ImageObject","inLanguage":"fr-FR","@id":"https:\/\/www.montebellopkg.com\/fr\/cosmetique-et-soins-personnels\/#primaryimage","url":"https:\/\/www.montebellopkg.com\/wp-content\/uploads\/2021\/10\/Montebello-Site-Assets-21.png","contentUrl":"https:\/\/www.montebellopkg.com\/wp-content\/uploads\/2021\/10\/Montebello-Site-Assets-21.png","width":601,"height":601},{"@type":"BreadcrumbList","@id":"https:\/\/www.montebellopkg.com\/fr\/cosmetique-et-soins-personnels\/#breadcrumb","itemListElement":[{"@type":"ListItem","position":1,"name":"Home","item":"https:\/\/www.montebellopkg.com\/fr\/"},{"@type":"ListItem","position":2,"name":"Cosm\u00e9tique et soins personnels"}]},{"@type":"WebSite","@id":"https:\/\/www.montebellopkg.com\/fr\/#website","url":"https:\/\/www.montebellopkg.com\/fr\/","name":"Montebello Packaging","description":"","publisher":{"@id":"https:\/\/www.montebellopkg.com\/fr\/#organization"},"potentialAction":[{"@type":"SearchAction","target":{"@type":"EntryPoint","urlTemplate":"https:\/\/www.montebellopkg.com\/fr\/?s={search_term_string}"},"query-input":{"@type":"PropertyValueSpecification","valueRequired":true,"valueName":"search_term_string"}}],"inLanguage":"fr-FR"},{"@type":"Organization","@id":"https:\/\/www.montebellopkg.com\/fr\/#organization","name":"Montebello Packaging","url":"https:\/\/www.montebellopkg.com\/fr\/","logo":{"@type":"ImageObject","inLanguage":"fr-FR","@id":"https:\/\/www.montebellopkg.com\/fr\/#\/schema\/logo\/image\/","url":"https:\/\/www.montebellopkg.com\/wp-content\/uploads\/2021\/06\/cropped-Montebello-Site-Assets-02.png","contentUrl":"https:\/\/www.montebellopkg.com\/wp-content\/uploads\/2021\/06\/cropped-Montebello-Site-Assets-02.png","width":487,"height":119,"caption":"Montebello Packaging"},"image":{"@id":"https:\/\/www.montebellopkg.com\/fr\/#\/schema\/logo\/image\/"}}]}},"_links":{"self":[{"href":"https:\/\/www.montebellopkg.com\/fr\/wp-json\/wp\/v2\/pages\/5709","targetHints":{"allow":["GET"]}}],"collection":[{"href":"https:\/\/www.montebellopkg.com\/fr\/wp-json\/wp\/v2\/pages"}],"about":[{"href":"https:\/\/www.montebellopkg.com\/fr\/wp-json\/wp\/v2\/types\/page"}],"author":[{"embeddable":true,"href":"https:\/\/www.montebellopkg.com\/fr\/wp-json\/wp\/v2\/users\/2"}],"replies":[{"embeddable":true,"href":"https:\/\/www.montebellopkg.com\/fr\/wp-json\/wp\/v2\/comments?post=5709"}],"version-history":[{"count":0,"href":"https:\/\/www.montebellopkg.com\/fr\/wp-json\/wp\/v2\/pages\/5709\/revisions"}],"wp:featuredmedia":[{"embeddable":true,"href":"https:\/\/www.montebellopkg.com\/fr\/wp-json\/wp\/v2\/media\/5518"}],"wp:attachment":[{"href":"https:\/\/www.montebellopkg.com\/fr\/wp-json\/wp\/v2\/media?parent=5709"}],"curies":[{"name":"wp","href":"https:\/\/api.w.org\/{rel}","templated":true}]}}